{"id":20210,"date":"2023-06-26T10:35:51","date_gmt":"2023-06-26T14:35:51","guid":{"rendered":"https:\/\/www.caissealliance.com\/?page_id=20210"},"modified":"2026-01-30T14:21:49","modified_gmt":"2026-01-30T19:21:49","slug":"fonds-de-la-verite-et-de-la-reconciliation","status":"publish","type":"page","link":"https:\/\/www.caissealliance.com\/fr\/ma-caisse\/implication-sociale\/fonds-communautaires-dons-et-commandites\/fonds-de-la-verite-et-de-la-reconciliation\/","title":{"rendered":"Fonds de la v\u00e9rit\u00e9 et de la r\u00e9conciliation"},"content":{"rendered":"<h2 style=\"margin-top: 55px;\">Fonds de la v\u00e9rit\u00e9 et de la r\u00e9conciliation<\/h2>\n<p>Le Fonds de la v\u00e9rit\u00e9 et de la r\u00e9conciliation de la Caisse Alliance a pour but de rendre hommage aux enfants autochtones disparus et aux survivants des pensionnats, leurs familles et leurs communaut\u00e9s. La comm\u00e9moration publique de l\u2019histoire tragique et douloureuse des pensionnats et de leurs s\u00e9quelles durables est un \u00e9l\u00e9ment essentiel du processus de r\u00e9conciliation.<\/p>\n<p>Chaque ann\u00e9e, le Fonds re\u00e7oit 6 000 $, soit 1 000 $ par r\u00e9gion de la Caisse Alliance, afin de pouvoir investir dans des projets communautaires qui rendent honneur aux survivants, leurs familles et leurs communaut\u00e9s des pensionnats ou qui font la promotion de l&#8217;histoire et des\u00a0cultures\u00a0des peuples\u00a0autochtones.<\/p>\n<p>Les organismes demandeurs peuvent faire demande \u00e0 ce fonds d\u00e8s aujourd&#8217;hui.<\/p>\n<p><a role=\"button\" href=\"https:\/\/www.caissealliance.com\/wp-content\/uploads\/Guide-du-demandeur-Fonds-de-la-verite-et-reconciliation-FR-1.pdf\" target=\"_blank\" rel=\"noopener\"><br \/>\nGuide du demandeur<br \/>\n<\/a><a role=\"button\" href=\"https:\/\/www.caissealliance.com\/fr\/formulaire-de-demande-fonds-de-verite-et-de-reconciliation\/\"><br \/>\nFaire demande en ligne<br \/>\n<\/a><a role=\"button\" href=\"https:\/\/www.caissealliance.com\/wp-content\/uploads\/Formulaire-de-demande-Fonds-de-la-verite-et-de-la-reconciliation.pdf\" target=\"_blank\" rel=\"noopener\"><br \/>\nT\u00e9l\u00e9charger le formulaire de demande<br \/>\n<\/a><\/p>\n<p>&nbsp;<\/p>\n<h4>La distribution de ces fonds est sous la responsabilit\u00e9 des membres des comit\u00e9s coop\u00e9ratifs r\u00e9gionaux.\u00a0 Ils sont l\u00e0 pour d\u00e9cider quels projets seront privil\u00e9gi\u00e9s,\u00a0 r\u00e9pondant le plus possible \u00e0 la mission des diff\u00e9rents fonds et aux valeurs de la Caisse.<\/h4>\n","protected":false},"excerpt":{"rendered":"<p>Le Fonds de la v\u00e9rit\u00e9 et de la r\u00e9conciliation de la Caisse Alliance a pour but de rendre hommage aux enfants autochtones disparus et aux survivants des pensionnats, leurs familles et leurs communaut\u00e9s. La comm\u00e9moration publique de l\u2019histoire tragique et douloureuse des pensionnats et de leurs s\u00e9quelles durables est un \u00e9l\u00e9ment essentiel du processus de [&#8230;]<\/p>\n","protected":false},"author":13,"featured_media":29834,"parent":15393,"menu_order":2,"comment_status":"closed","ping_status":"closed","template":"","meta":{"_acf_changed":false,"_monsterinsights_skip_tracking":false,"_monsterinsights_sitenote_active":false,"_monsterinsights_sitenote_note":"","_monsterinsights_sitenote_category":0,"footnotes":""},"class_list":["post-20210","page","type-page","status-publish","has-post-thumbnail","hentry"],"acf":[],"yoast_head":"<!-- This site is optimized with the Yoast SEO plugin v27.4 - https:\/\/yoast.com\/product\/yoast-seo-wordpress\/ -->\n<title>Fonds de la v\u00e9rit\u00e9 et de la r\u00e9conciliation | Caisse Alliance<\/title>\n<meta name=\"robots\" content=\"index, follow, max-snippet:-1, max-image-preview:large, max-video-preview:-1\" \/>\n<link rel=\"canonical\" href=\"https:\/\/www.caissealliance.com\/fr\/ma-caisse\/implication-sociale\/fonds-communautaires-dons-et-commandites\/fonds-de-la-verite-et-de-la-reconciliation\/\" \/>\n<meta property=\"og:locale\" content=\"fr_FR\" \/>\n<meta property=\"og:type\" content=\"article\" \/>\n<meta property=\"og:title\" content=\"Fonds de la v\u00e9rit\u00e9 et de la r\u00e9conciliation | Caisse Alliance\" \/>\n<meta property=\"og:description\" content=\"Le Fonds de la v\u00e9rit\u00e9 et de la r\u00e9conciliation de la Caisse Alliance a pour but de rendre hommage aux enfants autochtones disparus et aux survivants des pensionnats, leurs familles et leurs communaut\u00e9s. La comm\u00e9moration publique de l\u2019histoire tragique et douloureuse des pensionnats et de leurs s\u00e9quelles durables est un \u00e9l\u00e9ment essentiel du processus de [...]\" \/>\n<meta property=\"og:url\" content=\"https:\/\/www.caissealliance.com\/fr\/ma-caisse\/implication-sociale\/fonds-communautaires-dons-et-commandites\/fonds-de-la-verite-et-de-la-reconciliation\/\" \/>\n<meta property=\"og:site_name\" content=\"Caisse Alliance\" \/>\n<meta property=\"article:modified_time\" content=\"2026-01-30T19:21:49+00:00\" \/>\n<meta property=\"og:image\" content=\"https:\/\/www.caissealliance.com\/wp-content\/uploads\/truth3-scaled.jpg\" \/>\n\t<meta property=\"og:image:width\" content=\"2560\" \/>\n\t<meta property=\"og:image:height\" content=\"888\" \/>\n\t<meta property=\"og:image:type\" content=\"image\/jpeg\" \/>\n<meta name=\"twitter:card\" content=\"summary_large_image\" \/>\n<meta name=\"twitter:label1\" content=\"Dur\u00e9e de lecture estim\u00e9e\" \/>\n\t<meta name=\"twitter:data1\" content=\"2 minutes\" \/>\n<script type=\"application\/ld+json\" class=\"yoast-schema-graph\">{\"@context\":\"https:\\\/\\\/schema.org\",\"@graph\":[{\"@type\":\"WebPage\",\"@id\":\"https:\\\/\\\/www.caissealliance.com\\\/fr\\\/ma-caisse\\\/implication-sociale\\\/fonds-communautaires-dons-et-commandites\\\/fonds-de-la-verite-et-de-la-reconciliation\\\/\",\"url\":\"https:\\\/\\\/www.caissealliance.com\\\/fr\\\/ma-caisse\\\/implication-sociale\\\/fonds-communautaires-dons-et-commandites\\\/fonds-de-la-verite-et-de-la-reconciliation\\\/\",\"name\":\"Fonds de la v\u00e9rit\u00e9 et de la r\u00e9conciliation | Caisse Alliance\",\"isPartOf\":{\"@id\":\"https:\\\/\\\/www.caissealliance.com\\\/fr\\\/#website\"},\"primaryImageOfPage\":{\"@id\":\"https:\\\/\\\/www.caissealliance.com\\\/fr\\\/ma-caisse\\\/implication-sociale\\\/fonds-communautaires-dons-et-commandites\\\/fonds-de-la-verite-et-de-la-reconciliation\\\/#primaryimage\"},\"image\":{\"@id\":\"https:\\\/\\\/www.caissealliance.com\\\/fr\\\/ma-caisse\\\/implication-sociale\\\/fonds-communautaires-dons-et-commandites\\\/fonds-de-la-verite-et-de-la-reconciliation\\\/#primaryimage\"},\"thumbnailUrl\":\"https:\\\/\\\/www.caissealliance.com\\\/wp-content\\\/uploads\\\/truth3-scaled.jpg\",\"datePublished\":\"2023-06-26T14:35:51+00:00\",\"dateModified\":\"2026-01-30T19:21:49+00:00\",\"breadcrumb\":{\"@id\":\"https:\\\/\\\/www.caissealliance.com\\\/fr\\\/ma-caisse\\\/implication-sociale\\\/fonds-communautaires-dons-et-commandites\\\/fonds-de-la-verite-et-de-la-reconciliation\\\/#breadcrumb\"},\"inLanguage\":\"fr-FR\",\"potentialAction\":[{\"@type\":\"ReadAction\",\"target\":[\"https:\\\/\\\/www.caissealliance.com\\\/fr\\\/ma-caisse\\\/implication-sociale\\\/fonds-communautaires-dons-et-commandites\\\/fonds-de-la-verite-et-de-la-reconciliation\\\/\"]}]},{\"@type\":\"ImageObject\",\"inLanguage\":\"fr-FR\",\"@id\":\"https:\\\/\\\/www.caissealliance.com\\\/fr\\\/ma-caisse\\\/implication-sociale\\\/fonds-communautaires-dons-et-commandites\\\/fonds-de-la-verite-et-de-la-reconciliation\\\/#primaryimage\",\"url\":\"https:\\\/\\\/www.caissealliance.com\\\/wp-content\\\/uploads\\\/truth3-scaled.jpg\",\"contentUrl\":\"https:\\\/\\\/www.caissealliance.com\\\/wp-content\\\/uploads\\\/truth3-scaled.jpg\",\"width\":2560,\"height\":888},{\"@type\":\"BreadcrumbList\",\"@id\":\"https:\\\/\\\/www.caissealliance.com\\\/fr\\\/ma-caisse\\\/implication-sociale\\\/fonds-communautaires-dons-et-commandites\\\/fonds-de-la-verite-et-de-la-reconciliation\\\/#breadcrumb\",\"itemListElement\":[{\"@type\":\"ListItem\",\"position\":1,\"name\":\"Home\",\"item\":\"https:\\\/\\\/www.caissealliance.com\\\/fr\\\/\"},{\"@type\":\"ListItem\",\"position\":2,\"name\":\"Ma Caisse\",\"item\":\"https:\\\/\\\/www.caissealliance.com\\\/fr\\\/ma-caisse\\\/\"},{\"@type\":\"ListItem\",\"position\":3,\"name\":\"Implication sociale\",\"item\":\"https:\\\/\\\/www.caissealliance.com\\\/fr\\\/ma-caisse\\\/implication-sociale\\\/\"},{\"@type\":\"ListItem\",\"position\":4,\"name\":\"Fonds communautaires, dons et commandites\",\"item\":\"https:\\\/\\\/www.caissealliance.com\\\/fr\\\/ma-caisse\\\/implication-sociale\\\/fonds-communautaires-dons-et-commandites\\\/\"},{\"@type\":\"ListItem\",\"position\":5,\"name\":\"Fonds de la v\u00e9rit\u00e9 et de la r\u00e9conciliation\"}]},{\"@type\":\"WebSite\",\"@id\":\"https:\\\/\\\/www.caissealliance.com\\\/fr\\\/#website\",\"url\":\"https:\\\/\\\/www.caissealliance.com\\\/fr\\\/\",\"name\":\"Caisse Alliance\",\"description\":\"Site Web de la Caisse Alliance\",\"potentialAction\":[{\"@type\":\"SearchAction\",\"target\":{\"@type\":\"EntryPoint\",\"urlTemplate\":\"https:\\\/\\\/www.caissealliance.com\\\/fr\\\/?s={search_term_string}\"},\"query-input\":{\"@type\":\"PropertyValueSpecification\",\"valueRequired\":true,\"valueName\":\"search_term_string\"}}],\"inLanguage\":\"fr-FR\"}]}<\/script>\n<!-- \/ Yoast SEO plugin. -->","yoast_head_json":{"title":"Fonds de la v\u00e9rit\u00e9 et de la r\u00e9conciliation | Caisse Alliance","robots":{"index":"index","follow":"follow","max-snippet":"max-snippet:-1","max-image-preview":"max-image-preview:large","max-video-preview":"max-video-preview:-1"},"canonical":"https:\/\/www.caissealliance.com\/fr\/ma-caisse\/implication-sociale\/fonds-communautaires-dons-et-commandites\/fonds-de-la-verite-et-de-la-reconciliation\/","og_locale":"fr_FR","og_type":"article","og_title":"Fonds de la v\u00e9rit\u00e9 et de la r\u00e9conciliation | Caisse Alliance","og_description":"Le Fonds de la v\u00e9rit\u00e9 et de la r\u00e9conciliation de la Caisse Alliance a pour but de rendre hommage aux enfants autochtones disparus et aux survivants des pensionnats, leurs familles et leurs communaut\u00e9s. La comm\u00e9moration publique de l\u2019histoire tragique et douloureuse des pensionnats et de leurs s\u00e9quelles durables est un \u00e9l\u00e9ment essentiel du processus de [...]","og_url":"https:\/\/www.caissealliance.com\/fr\/ma-caisse\/implication-sociale\/fonds-communautaires-dons-et-commandites\/fonds-de-la-verite-et-de-la-reconciliation\/","og_site_name":"Caisse Alliance","article_modified_time":"2026-01-30T19:21:49+00:00","og_image":[{"width":2560,"height":888,"url":"https:\/\/www.caissealliance.com\/wp-content\/uploads\/truth3-scaled.jpg","type":"image\/jpeg"}],"twitter_card":"summary_large_image","twitter_misc":{"Dur\u00e9e de lecture estim\u00e9e":"2 minutes"},"schema":{"@context":"https:\/\/schema.org","@graph":[{"@type":"WebPage","@id":"https:\/\/www.caissealliance.com\/fr\/ma-caisse\/implication-sociale\/fonds-communautaires-dons-et-commandites\/fonds-de-la-verite-et-de-la-reconciliation\/","url":"https:\/\/www.caissealliance.com\/fr\/ma-caisse\/implication-sociale\/fonds-communautaires-dons-et-commandites\/fonds-de-la-verite-et-de-la-reconciliation\/","name":"Fonds de la v\u00e9rit\u00e9 et de la r\u00e9conciliation | Caisse Alliance","isPartOf":{"@id":"https:\/\/www.caissealliance.com\/fr\/#website"},"primaryImageOfPage":{"@id":"https:\/\/www.caissealliance.com\/fr\/ma-caisse\/implication-sociale\/fonds-communautaires-dons-et-commandites\/fonds-de-la-verite-et-de-la-reconciliation\/#primaryimage"},"image":{"@id":"https:\/\/www.caissealliance.com\/fr\/ma-caisse\/implication-sociale\/fonds-communautaires-dons-et-commandites\/fonds-de-la-verite-et-de-la-reconciliation\/#primaryimage"},"thumbnailUrl":"https:\/\/www.caissealliance.com\/wp-content\/uploads\/truth3-scaled.jpg","datePublished":"2023-06-26T14:35:51+00:00","dateModified":"2026-01-30T19:21:49+00:00","breadcrumb":{"@id":"https:\/\/www.caissealliance.com\/fr\/ma-caisse\/implication-sociale\/fonds-communautaires-dons-et-commandites\/fonds-de-la-verite-et-de-la-reconciliation\/#breadcrumb"},"inLanguage":"fr-FR","potentialAction":[{"@type":"ReadAction","target":["https:\/\/www.caissealliance.com\/fr\/ma-caisse\/implication-sociale\/fonds-communautaires-dons-et-commandites\/fonds-de-la-verite-et-de-la-reconciliation\/"]}]},{"@type":"ImageObject","inLanguage":"fr-FR","@id":"https:\/\/www.caissealliance.com\/fr\/ma-caisse\/implication-sociale\/fonds-communautaires-dons-et-commandites\/fonds-de-la-verite-et-de-la-reconciliation\/#primaryimage","url":"https:\/\/www.caissealliance.com\/wp-content\/uploads\/truth3-scaled.jpg","contentUrl":"https:\/\/www.caissealliance.com\/wp-content\/uploads\/truth3-scaled.jpg","width":2560,"height":888},{"@type":"BreadcrumbList","@id":"https:\/\/www.caissealliance.com\/fr\/ma-caisse\/implication-sociale\/fonds-communautaires-dons-et-commandites\/fonds-de-la-verite-et-de-la-reconciliation\/#breadcrumb","itemListElement":[{"@type":"ListItem","position":1,"name":"Home","item":"https:\/\/www.caissealliance.com\/fr\/"},{"@type":"ListItem","position":2,"name":"Ma Caisse","item":"https:\/\/www.caissealliance.com\/fr\/ma-caisse\/"},{"@type":"ListItem","position":3,"name":"Implication sociale","item":"https:\/\/www.caissealliance.com\/fr\/ma-caisse\/implication-sociale\/"},{"@type":"ListItem","position":4,"name":"Fonds communautaires, dons et commandites","item":"https:\/\/www.caissealliance.com\/fr\/ma-caisse\/implication-sociale\/fonds-communautaires-dons-et-commandites\/"},{"@type":"ListItem","position":5,"name":"Fonds de la v\u00e9rit\u00e9 et de la r\u00e9conciliation"}]},{"@type":"WebSite","@id":"https:\/\/www.caissealliance.com\/fr\/#website","url":"https:\/\/www.caissealliance.com\/fr\/","name":"Caisse Alliance","description":"Site Web de la Caisse Alliance","potentialAction":[{"@type":"SearchAction","target":{"@type":"EntryPoint","urlTemplate":"https:\/\/www.caissealliance.com\/fr\/?s={search_term_string}"},"query-input":{"@type":"PropertyValueSpecification","valueRequired":true,"valueName":"search_term_string"}}],"inLanguage":"fr-FR"}]}},"publishpress_future_action":{"enabled":false,"date":"2026-05-05 06:37:30","action":"change-status","newStatus":"draft","terms":[],"taxonomy":"section","extraData":[]},"publishpress_future_workflow_manual_trigger":{"enabledWorkflows":[]},"_links":{"self":[{"href":"https:\/\/www.caissealliance.com\/fr\/wp-json\/wp\/v2\/pages\/20210","targetHints":{"allow":["GET"]}}],"collection":[{"href":"https:\/\/www.caissealliance.com\/fr\/wp-json\/wp\/v2\/pages"}],"about":[{"href":"https:\/\/www.caissealliance.com\/fr\/wp-json\/wp\/v2\/types\/page"}],"author":[{"embeddable":true,"href":"https:\/\/www.caissealliance.com\/fr\/wp-json\/wp\/v2\/users\/13"}],"replies":[{"embeddable":true,"href":"https:\/\/www.caissealliance.com\/fr\/wp-json\/wp\/v2\/comments?post=20210"}],"version-history":[{"count":9,"href":"https:\/\/www.caissealliance.com\/fr\/wp-json\/wp\/v2\/pages\/20210\/revisions"}],"predecessor-version":[{"id":35844,"href":"https:\/\/www.caissealliance.com\/fr\/wp-json\/wp\/v2\/pages\/20210\/revisions\/35844"}],"up":[{"embeddable":true,"href":"https:\/\/www.caissealliance.com\/fr\/wp-json\/wp\/v2\/pages\/15393"}],"wp:featuredmedia":[{"embeddable":true,"href":"https:\/\/www.caissealliance.com\/fr\/wp-json\/wp\/v2\/media\/29834"}],"wp:attachment":[{"href":"https:\/\/www.caissealliance.com\/fr\/wp-json\/wp\/v2\/media?parent=20210"}],"curies":[{"name":"wp","href":"https:\/\/api.w.org\/{rel}","templated":true}]}}